{"id":1401,"date":"2019-07-16T10:42:56","date_gmt":"2019-07-16T08:42:56","guid":{"rendered":"https:\/\/villa-santanna.eu\/specialita_ambulatoriali\/reparto-di-radiologia-a-merano\/"},"modified":"2026-04-23T09:15:21","modified_gmt":"2026-04-23T07:15:21","slug":"roentgen-meran","status":"publish","type":"sp_ambulatoriali","link":"https:\/\/villa-santanna.eu\/de\/fachbereiche_poliklinik\/roentgen-meran\/","title":{"rendered":"R\u00f6ntgenabteilung in Meran"},"content":{"rendered":"[vc_row type=&#8220;in_container&#8220; full_screen_row_position=&#8220;middle&#8220; column_margin=&#8220;default&#8220; column_direction=&#8220;default&#8220; column_direction_tablet=&#8220;default&#8220; column_direction_phone=&#8220;default&#8220; scene_position=&#8220;center&#8220; top_padding=&#8220;5%&#8220; bottom_padding=&#8220;5%&#8220; text_color=&#8220;dark&#8220; text_align=&#8220;left&#8220; row_border_radius=&#8220;none&#8220; row_border_radius_applies=&#8220;bg&#8220; row_position_desktop=&#8220;default&#8220; row_position_tablet=&#8220;inherit&#8220; row_position_phone=&#8220;inherit&#8220; overflow=&#8220;visible&#8220; overlay_strength=&#8220;0.3&#8243; gradient_direction=&#8220;left_to_right&#8220; shape_divider_position=&#8220;bottom&#8220; bg_image_animation=&#8220;none&#8220; shape_type=&#8220;&#8220;][vc_column column_padding=&#8220;no-extra-padding&#8220; column_padding_tablet=&#8220;inherit&#8220; column_padding_phone=&#8220;inherit&#8220; column_padding_position=&#8220;all&#8220; flex_gap_desktop=&#8220;10px&#8220; column_element_direction_desktop=&#8220;default&#8220; column_element_spacing=&#8220;default&#8220; desktop_text_alignment=&#8220;default&#8220; tablet_text_alignment=&#8220;default&#8220; phone_text_alignment=&#8220;default&#8220; background_color_opacity=&#8220;1&#8243; background_hover_color_opacity=&#8220;1&#8243; column_backdrop_filter=&#8220;none&#8220; column_shadow=&#8220;none&#8220; column_border_radius=&#8220;none&#8220; column_link_target=&#8220;_self&#8220; column_position=&#8220;default&#8220; gradient_direction=&#8220;left_to_right&#8220; overlay_strength=&#8220;0.3&#8243; width=&#8220;1\/1&#8243; tablet_width_inherit=&#8220;default&#8220; animation_type=&#8220;default&#8220; bg_image_animation=&#8220;none&#8220; border_type=&#8220;simple&#8220; column_border_width=&#8220;none&#8220; column_border_style=&#8220;solid&#8220;][vc_row_inner column_margin=&#8220;default&#8220; column_direction=&#8220;default&#8220; column_direction_tablet=&#8220;default&#8220; column_direction_phone=&#8220;default&#8220; text_align=&#8220;left&#8220; row_position=&#8220;default&#8220; row_position_tablet=&#8220;inherit&#8220; row_position_phone=&#8220;inherit&#8220; overflow=&#8220;visible&#8220; pointer_events=&#8220;all&#8220;][vc_column_inner column_padding=&#8220;no-extra-padding&#8220; column_padding_tablet=&#8220;inherit&#8220; column_padding_phone=&#8220;inherit&#8220; column_padding_position=&#8220;all&#8220; flex_gap_desktop=&#8220;10px&#8220; column_element_direction_desktop=&#8220;default&#8220; column_element_spacing=&#8220;default&#8220; desktop_text_alignment=&#8220;default&#8220; tablet_text_alignment=&#8220;default&#8220; phone_text_alignment=&#8220;default&#8220; background_color_opacity=&#8220;1&#8243; background_hover_color_opacity=&#8220;1&#8243; column_backdrop_filter=&#8220;none&#8220; column_shadow=&#8220;none&#8220; column_border_radius=&#8220;none&#8220; column_link_target=&#8220;_self&#8220; overflow=&#8220;visible&#8220; gradient_direction=&#8220;left_to_right&#8220; overlay_strength=&#8220;0.3&#8243; width=&#8220;2\/5&#8243; tablet_width_inherit=&#8220;default&#8220; animation_type=&#8220;default&#8220; bg_image_animation=&#8220;none&#8220; border_type=&#8220;simple&#8220; column_border_width=&#8220;none&#8220; column_border_style=&#8220;solid&#8220;][vc_column_text css=&#8220;&#8220; text_direction=&#8220;default&#8220;]Die Privatklinik St. Anna in Meran verf\u00fcgt \u00fcber eine bestens ausgestattete und von Spezialisten betriebene R\u00f6ntgenabteilung. Hier verf\u00fcgt man \u00fcber ein Hochfeld-MRT-Ger\u00e4t (1,5T), \u00fcber einen Cone Beam\/volumetrischen (3D) CT-Scan, einen Computertomographen, Ultraschallger\u00e4te und ein Ger\u00e4t f\u00fcr Panoramaschichtaufnahmen, mit deren Hilfe schnelle und detaillierte Diagnosen in einem weiten medizinischen Feld gestellt werden k\u00f6nnen. Dank einer laufenden Modernisierung der Ger\u00e4te kann stets auf neueste Spitzentechnologie zur\u00fcckgegriffen werden.[\/vc_column_text][\/vc_column_inner][vc_column_inner column_padding=&#8220;no-extra-padding&#8220; column_padding_tablet=&#8220;inherit&#8220; column_padding_phone=&#8220;inherit&#8220; column_padding_position=&#8220;all&#8220; flex_gap_desktop=&#8220;10px&#8220; column_element_direction_desktop=&#8220;default&#8220; column_element_spacing=&#8220;default&#8220; desktop_text_alignment=&#8220;default&#8220; tablet_text_alignment=&#8220;default&#8220; phone_text_alignment=&#8220;default&#8220; background_color_opacity=&#8220;1&#8243; background_hover_color_opacity=&#8220;1&#8243; column_backdrop_filter=&#8220;none&#8220; column_shadow=&#8220;none&#8220; column_border_radius=&#8220;none&#8220; column_link_target=&#8220;_self&#8220; overflow=&#8220;visible&#8220; gradient_direction=&#8220;left_to_right&#8220; overlay_strength=&#8220;0.3&#8243; width=&#8220;2\/5&#8243; tablet_width_inherit=&#8220;default&#8220; animation_type=&#8220;default&#8220; bg_image_animation=&#8220;none&#8220; border_type=&#8220;simple&#8220; column_border_width=&#8220;none&#8220; column_border_style=&#8220;solid&#8220;][vc_column_text css=&#8220;&#8220; text_direction=&#8220;default&#8220;]So nutzen die neuesten Ger\u00e4te \u2013 darunter das j\u00fcngst angeschaffte Siemens Magnetom Altea MRT \u2013 bereits k\u00fcnstliche Intelligenz, um schnellere, pr\u00e4zisere und angenehmere Untersuchungen zu erm\u00f6glichen: mit gestochen scharfen Bildern, weniger Fehlerquellen und verk\u00fcrzten Wartezeiten. K\u00fcrzere und exaktere Untersuchungen bedeuten zuverl\u00e4ssigere Diagnosen und weniger Belastung f\u00fcr die Patientinnen und Patienten. Durch einen einfachen Anruf in unserer Vormerkstelle k\u00f6nnen Sie einen Termin f\u00fcr Ihre Aufnahme vormerken, an den sich die notwendige fach\u00e4rztliche Untersuchung anschlie\u00dft. So k\u00f6nnen Sie etwa ein MRT mit der zugeh\u00f6rigen orthop\u00e4dischen Visite verkn\u00fcpfen oder ein Thoraxr\u00f6ntgen mit einer pneumologischen Untersuchung.<\/p>\n<p><a href=\"https:\/\/villa-santanna.eu\/de\/formulare-und-vordrucke\/?lang=de\">Hier geht\u2019s zu den Vordrucken f\u00fcr Ihre R\u00f6ntgenuntersuchung.<\/a>[\/vc_column_text][\/vc_column_inner][vc_column_inner column_padding=&#8220;no-extra-padding&#8220; column_padding_tablet=&#8220;inherit&#8220; column_padding_phone=&#8220;inherit&#8220; column_padding_position=&#8220;all&#8220; flex_gap_desktop=&#8220;10px&#8220; column_element_direction_desktop=&#8220;default&#8220; column_element_spacing=&#8220;default&#8220; desktop_text_alignment=&#8220;default&#8220; tablet_text_alignment=&#8220;default&#8220; phone_text_alignment=&#8220;default&#8220; background_color_opacity=&#8220;1&#8243; background_hover_color_opacity=&#8220;1&#8243; column_backdrop_filter=&#8220;none&#8220; column_shadow=&#8220;none&#8220; column_border_radius=&#8220;none&#8220; column_link_target=&#8220;_self&#8220; overflow=&#8220;visible&#8220; gradient_direction=&#8220;left_to_right&#8220; overlay_strength=&#8220;0.3&#8243; width=&#8220;1\/5&#8243; tablet_width_inherit=&#8220;default&#8220; animation_type=&#8220;default&#8220; bg_image_animation=&#8220;none&#8220; border_type=&#8220;simple&#8220; column_border_width=&#8220;none&#8220; column_border_style=&#8220;solid&#8220;][\/vc_column_inner][\/vc_row_inner][\/vc_column][\/vc_row][vc_row type=&#8220;in_container&#8220; full_screen_row_position=&#8220;middle&#8220; column_margin=&#8220;default&#8220; column_direction=&#8220;default&#8220; column_direction_tablet=&#8220;default&#8220; column_direction_phone=&#8220;default&#8220; scene_position=&#8220;center&#8220; text_color=&#8220;dark&#8220; text_align=&#8220;left&#8220; row_border_radius=&#8220;none&#8220; row_border_radius_applies=&#8220;bg&#8220; row_position_desktop=&#8220;default&#8220; row_position_tablet=&#8220;inherit&#8220; row_position_phone=&#8220;inherit&#8220; overflow=&#8220;visible&#8220; overlay_strength=&#8220;0.3&#8243; gradient_direction=&#8220;left_to_right&#8220; shape_divider_position=&#8220;bottom&#8220; bg_image_animation=&#8220;none&#8220;][vc_column column_padding=&#8220;padding-5-percent&#8220; column_padding_tablet=&#8220;inherit&#8220; column_padding_phone=&#8220;inherit&#8220; column_padding_position=&#8220;all&#8220; flex_gap_desktop=&#8220;10px&#8220; column_element_direction_desktop=&#8220;default&#8220; column_element_spacing=&#8220;default&#8220; desktop_text_alignment=&#8220;default&#8220; tablet_text_alignment=&#8220;default&#8220; phone_text_alignment=&#8220;default&#8220; background_color_opacity=&#8220;1&#8243; background_hover_color_opacity=&#8220;1&#8243; column_backdrop_filter=&#8220;none&#8220; column_shadow=&#8220;none&#8220; column_border_radius=&#8220;none&#8220; column_link_target=&#8220;_self&#8220; column_position=&#8220;default&#8220; gradient_direction=&#8220;left_to_right&#8220; overlay_strength=&#8220;0.3&#8243; width=&#8220;1\/1&#8243; tablet_width_inherit=&#8220;default&#8220; animation_type=&#8220;default&#8220; bg_image_animation=&#8220;none&#8220; border_type=&#8220;simple&#8220; column_border_width=&#8220;1px&#8220; column_border_color=&#8220;#b3c558&#8243; column_border_style=&#8220;solid&#8220; enable_border_animation=&#8220;true&#8220;][split_line_heading animation_type=&#8220;default&#8220;]\n<h2>Angebotene Leistungen<\/h2>\n[\/split_line_heading]<div class=\"nectar-fancy-ul\" data-list-icon=\"icon-salient-thin-line\" data-animation=\"false\" data-animation-delay=\"0\" data-color=\"accent-color\" data-spacing=\"default\" data-alignment=\"left\"> \n<ul>\n<li>MRT der Gliedma\u00dfen (Knie, Schulter, Hand, Fu\u00df, H\u00fcfte, Ellenbogen etc.)<\/li>\n<li>MRT der Wirbels\u00e4ule (Hals-, Brust-, R\u00fcckenwirbel)<\/li>\n<li>Sch\u00e4del- und Gehirn-MRT<\/li>\n<li>MRT-Angiographie des Gehirns<\/li>\n<li>MRT des Oberbauchs<\/li>\n<li>MRT der Prostata<\/li>\n<li>MR-Cholangiographie<\/li>\n<li>Ganzk\u00f6rper-MRT (Whole Body)<\/li>\n<li>MRT mit Kontrastmittel<\/li>\n<li>MRT unter Sedierung (privat, auf Anfrage)<\/li>\n<li>CT mit oder ohne Kontrastmittel<\/li>\n<li>Herz-CT zur Bestimmung des Calcium-Scores<\/li>\n<li>R\u00f6ntgenuntersuchungen (eine Terminvereinbarung ist nicht erforderlich)<\/li>\n<li><a href=\"https:\/\/villa-santanna.eu\/de\/radiologie-abteilung-ruestet-auf-neues-high-tech-geraet-im-einsatz\/\">Cone Beam\/volumetrischer (3D) CT-Scan f\u00fcr Orthopantomographie und Zahnb\u00f6gen<\/a><\/li>\n<\/ul>\n <\/div>[\/vc_column][\/vc_row][vc_row type=&#8220;full_width_content&#8220; full_screen_row_position=&#8220;middle&#8220; column_margin=&#8220;default&#8220; column_direction=&#8220;default&#8220; column_direction_tablet=&#8220;default&#8220; column_direction_phone=&#8220;default&#8220; bg_color=&#8220;#ffffff&#8220; scene_position=&#8220;center&#8220; top_padding=&#8220;7%&#8220; bottom_padding=&#8220;6%&#8220; text_color=&#8220;dark&#8220; text_align=&#8220;left&#8220; row_border_radius=&#8220;none&#8220; row_border_radius_applies=&#8220;bg&#8220; row_position_desktop=&#8220;default&#8220; row_position_tablet=&#8220;inherit&#8220; row_position_phone=&#8220;inherit&#8220; overflow=&#8220;visible&#8220; class=&#8220;recensioni&#8220; overlay_strength=&#8220;0.3&#8243; gradient_direction=&#8220;left_to_right&#8220; shape_divider_position=&#8220;bottom&#8220; bg_image_animation=&#8220;none&#8220; gradient_type=&#8220;default&#8220; shape_type=&#8220;&#8220;][vc_column column_padding=&#8220;no-extra-padding&#8220; column_padding_tablet=&#8220;inherit&#8220; column_padding_phone=&#8220;inherit&#8220; column_padding_position=&#8220;all&#8220; flex_gap_desktop=&#8220;10px&#8220; column_element_direction_desktop=&#8220;default&#8220; column_element_spacing=&#8220;default&#8220; desktop_text_alignment=&#8220;default&#8220; tablet_text_alignment=&#8220;default&#8220; phone_text_alignment=&#8220;default&#8220; background_color_opacity=&#8220;1&#8243; background_hover_color_opacity=&#8220;1&#8243; column_backdrop_filter=&#8220;none&#8220; column_shadow=&#8220;none&#8220; column_border_radius=&#8220;none&#8220; column_link_target=&#8220;_self&#8220; column_position=&#8220;default&#8220; gradient_direction=&#8220;left_to_right&#8220; overlay_strength=&#8220;0.3&#8243; width=&#8220;1\/1&#8243; tablet_width_inherit=&#8220;default&#8220; animation_type=&#8220;default&#8220; bg_image_animation=&#8220;none&#8220; border_type=&#8220;simple&#8220; column_border_width=&#8220;none&#8220; column_border_style=&#8220;solid&#8220;][testimonial_slider style=&#8220;multiple_visible&#8220; color=&#8220;accent-color-dark&#8220; autorotate=&#8220;7000&#8243; slider_controls=&#8220;default&#8220; flickity_border_radius=&#8220;default&#8220;][testimonial star_rating=&#8220;100%&#8220; title=&#8220;Testimonial&#8220; id=&#8220;1776928502327-8&#8243; name=&#8220;M.D. | November 2021&#8243; subtitle=&#8220;Google&#8220; quote=&#8220;Ich habe sehr schnell einen Termin f\u00fcr eine Ultraschalluntersuchung des Bauchraums bekommen und mich wohlgef\u00fchlt. Der Buchungsvorgang ging sehr schnell, die Antwortzeit waren sehr kurz, aber das wohl Wichtigste ist, dass ich bei der diagnostischen Abkl\u00e4rung ein Ma\u00df an Professionalit\u00e4t und Aufmerksamkeit erleben durfte, das selbst meine k\u00fchnsten Erwartungen weit \u00fcbertroffen hat. Dr. Anton Wieser hat all seine jahrelange Erfahrung in eine \u201eeinfache\u201c Ultraschalluntersuchung einflie\u00dfen lassen. Die Verwaltung und der Empfang haben das hervorragende Erlebnis noch abgerundet. Also: Gl\u00fcckwunsch an alle und nochmals vielen Dank.&#8220; tab_id=&#8220;1776928502328-5&#8243;][testimonial star_rating=&#8220;100%&#8220; title=&#8220;Testimonial&#8220; id=&#8220;1776928502334-5&#8243; name=&#8220;V.L. | Juni 2022&#8243; subtitle=&#8220;Google&#8220; quote=&#8220;Ich habe eine R\u00f6ntgenaufnahme meines Kn\u00f6chels wegen eines vermuteten Bruchs gebraucht. Schneller, effizienter Service, sogar an einem Samstag. Gl\u00fcckwunsch!&#8220; tab_id=&#8220;1776928502335-8&#8243;][testimonial star_rating=&#8220;100%&#8220; title=&#8220;Testimonial&#8220; id=&#8220;1776928502337-6&#8243; name=&#8220;M.C. | August 2022&#8243; subtitle=&#8220;Google&#8220; quote=&#8220;Meine Frau und ich haben diagnostische Untersuchungen vorgemerkt, wir wurden mit einem hohen Ma\u00df an Professionalit\u00e4t und H\u00f6flichkeit begr\u00fc\u00dft und betreut; die radiologischen Berichte und Bluttestergebnisse sind noch am selben Tag per E-Mail eingegangen. Nichts zu beanstanden. Ein besonderes Lob an das Personal f\u00fcr seine Freundlichkeit.&#8220; tab_id=&#8220;1776928502337-5&#8243;][testimonial star_rating=&#8220;100%&#8220; title=&#8220;Testimonial&#8220; id=&#8220;1776928502342-1&#8243; name=&#8220;V.L. | November 2022&#8243; subtitle=&#8220;Google&#8220; quote=&#8220;Ich habe meine Mutter zu einer CT-Untersuchung gebracht. Der private CT-Service ist hervorragend, auch f\u00fcr hochspezialisierte Untersuchungen. Sehr leistungsstarkes CT-Ger\u00e4t und Befundung durch Dr. Wieser. Ausgezeichneter Service, vielen Dank an alle.&#8220; tab_id=&#8220;1776928502342-6&#8243;][testimonial star_rating=&#8220;100%&#8220; title=&#8220;Testimonial&#8220; id=&#8220;1776928502346-10&#8243; name=&#8220;I. | Oktober 2023&#8243; subtitle=&#8220;Qsalute&#8220; quote=&#8220;Dienstleistung: CT-Untersuchung. Ich war eine Patientin, die vom Team der Radiologie der Klinik betreut wurde. Saubere Umgebung, spezialisiertes und sehr professionelles Personal, Front Office auf der H\u00f6he der angebotenen Leistungen, freundlich im Patientenmanagement. Besonderen Dank an den Radiologen f\u00fcr seine Freundlichkeit, Professionalit\u00e4t, Seriosit\u00e4t und Sensibilit\u00e4t.&#8220; tab_id=&#8220;1776928502346-1&#8243;][testimonial star_rating=&#8220;100%&#8220; title=&#8220;Testimonial&#8220; id=&#8220;1776928502351-3&#8243; name=&#8220;K.V. | Dezember 2023&#8243; subtitle=&#8220;Google&#8220; quote=&#8220;Heute habe ich mich einer MRT-Untersuchung unterzogen. Wie bei einer fr\u00fcheren Gelegenheit fand ich das Personal freundlich, hilfsbereit und zuvorkommend. Die Untersuchung wurde mit gr\u00f6\u00dfter P\u00fcnktlichkeit und absolut professionell durchgef\u00fchrt. Gl\u00fcckwunsch!&#8220; tab_id=&#8220;1776928502351-6&#8243;][testimonial star_rating=&#8220;100%&#8220; title=&#8220;Testimonial&#8220; id=&#8220;1776928502355-4&#8243; name=&#8220;S.M. | April 2024&#8243; subtitle=&#8220;Google&#8220; quote=&#8220;Dienstleistung: MRT-Untersuchung. Termin am 24. April um 10.00 Uhr, um 9.45 Uhr schon aufgerufen, MRT wegen qu\u00e4lender Schulterschmerzen durchgef\u00fchrt, um 13.30 Uhr schon die Antwort in digitaler Form, danke! In Bozen h\u00e4tte ich bis nach den freien Tagen um den 25. April warten m\u00fcssen. Ergebnis: totaler Riss der Supraspinatussehne. Vielen Dank f\u00fcr die Professionalit\u00e4t und Schnelligkeit.&#8220; tab_id=&#8220;1776928502355-5&#8243;][testimonial star_rating=&#8220;100%&#8220; title=&#8220;Testimonial&#8220; id=&#8220;1776928502360-9&#8243; name=&#8220;M.C. | Mai 2024&#8243; subtitle=&#8220;Qsalute&#8220; quote=&#8220;Pathologie: Ganglion. Ich bin die Klinik St. Anna zur\u00fcckgekehrt, um mein Handgelenk r\u00f6ntgen zu lassen. Ein Kompliment an Frau J. am Empfang, sie war freundlich, professionell und genau. Ich bin seit Jahren Patient hier und meine Gro\u00dfeltern v\u00e4terlicherseits waren es auch schon, daher wie immer gratuliere zur medizinischen und pflegerischen Qualit\u00e4t, die Sie bieten.&#8220; tab_id=&#8220;1776928502360-2&#8243;][testimonial star_rating=&#8220;100%&#8220; title=&#8220;Testimonial&#8220; id=&#8220;1776928502367-4&#8243; tab_id=&#8220;1776928502367-5&#8243; name=&#8220;B.H. | Juanuar 2025&#8243; subtitle=&#8220;Google&#8220; quote=&#8220;Ich m\u00f6chte M. und H.aus der Radiologie der Privatklinik St. Anna ein gro\u00dfes Kompliment machen. Sie sind wirklich freundliche, h\u00f6fliche und stets hilfsbereite Sekret\u00e4rinnen und schaffen es, die Menschen vom ersten Moment an zu beruhigen und ihnen die Angst zu nehmen. Insgesamt: kompetentes und gut organisiertes Personal. Eine sehr positive Erfahrung.&#8220;][testimonial star_rating=&#8220;100%&#8220; title=&#8220;Testimonial&#8220; id=&#8220;1776928502374-1&#8243; tab_id=&#8220;1776928502374-10&#8243; name=&#8220;C.K. | Juanuar 2025&#8243; subtitle=&#8220;Google&#8220; quote=&#8220;Ausgezeichnete diagnostische Untersuchungen mit \u00d6ffnungszeiten und Abholm\u00f6glichkeiten f\u00fcr Befunde, die den Bed\u00fcrfnissen der Patienten entgegenkommen.&#8220;][\/testimonial_slider][\/vc_column][\/vc_row]\n","protected":false},"featured_media":0,"template":"","class_list":["post-1401","sp_ambulatoriali","type-sp_ambulatoriali","status-publish"],"acf":{"sottotitolo":"Modernste Medizintechnik macht detaillierte Diagnosen in einer Vielzahl von medizinischen Bereichen m\u00f6glich.","medici":[{"medico":2961},{"medico":950},{"medico":3292},{"medico":4889},{"medico":6844}],"regime":["privato","convenzionato"],"intervento_chirurgico":"no","titolo_cta":"Brauchen Sie unsere Hilfe bei Diagnosen?","bottone_cta":"Merken Sie Ihren Termin beim Radiologen vor!","titolo_archivio":"R\u00f6ntgenabteilung","icona":"https:\/\/villa-santanna.eu\/wp-content\/uploads\/2019\/08\/40-radiologia.svg","immagine_header":"https:\/\/villa-santanna.eu\/wp-content\/uploads\/2019\/07\/radiologia-1-1.jpg"},"_links":{"self":[{"href":"https:\/\/villa-santanna.eu\/de\/wp-json\/wp\/v2\/sp_ambulatoriali\/1401","targetHints":{"allow":["GET"]}}],"collection":[{"href":"https:\/\/villa-santanna.eu\/de\/wp-json\/wp\/v2\/sp_ambulatoriali"}],"about":[{"href":"https:\/\/villa-santanna.eu\/de\/wp-json\/wp\/v2\/types\/sp_ambulatoriali"}],"version-history":[{"count":9,"href":"https:\/\/villa-santanna.eu\/de\/wp-json\/wp\/v2\/sp_ambulatoriali\/1401\/revisions"}],"predecessor-version":[{"id":7751,"href":"https:\/\/villa-santanna.eu\/de\/wp-json\/wp\/v2\/sp_ambulatoriali\/1401\/revisions\/7751"}],"wp:attachment":[{"href":"https:\/\/villa-santanna.eu\/de\/wp-json\/wp\/v2\/media?parent=1401"}],"curies":[{"name":"wp","href":"https:\/\/api.w.org\/{rel}","templated":true}]}}