{"id":1362,"date":"2019-06-25T17:53:04","date_gmt":"2019-06-25T15:53:04","guid":{"rendered":"https:\/\/villa-santanna.eu\/specialita_ambulatoriali\/chirurgia-orale-paradontologia-e-implantologia\/"},"modified":"2026-01-27T15:45:24","modified_gmt":"2026-01-27T14:45:24","slug":"oralchirurgie-in-meran","status":"publish","type":"sp_ambulatoriali","link":"https:\/\/villa-santanna.eu\/de\/fachbereiche_poliklinik\/oralchirurgie-in-meran\/","title":{"rendered":"Oralchirurgie, Parodontologie und Implantologie"},"content":{"rendered":"[vc_row type=&#8220;in_container&#8220; full_screen_row_position=&#8220;middle&#8220; column_margin=&#8220;default&#8220; column_direction=&#8220;default&#8220; column_direction_tablet=&#8220;default&#8220; column_direction_phone=&#8220;default&#8220; scene_position=&#8220;center&#8220; top_padding=&#8220;5%&#8220; bottom_padding=&#8220;5%&#8220; text_color=&#8220;dark&#8220; text_align=&#8220;left&#8220; row_border_radius=&#8220;none&#8220; row_border_radius_applies=&#8220;bg&#8220; row_position_desktop=&#8220;default&#8220; row_position_tablet=&#8220;inherit&#8220; row_position_phone=&#8220;inherit&#8220; overflow=&#8220;visible&#8220; overlay_strength=&#8220;0.3&#8243; gradient_direction=&#8220;left_to_right&#8220; shape_divider_position=&#8220;bottom&#8220; bg_image_animation=&#8220;none&#8220; shape_type=&#8220;&#8220;][vc_column column_padding=&#8220;no-extra-padding&#8220; column_padding_tablet=&#8220;inherit&#8220; column_padding_phone=&#8220;inherit&#8220; column_padding_position=&#8220;all&#8220; flex_gap_desktop=&#8220;10px&#8220; column_element_direction_desktop=&#8220;default&#8220; column_element_spacing=&#8220;default&#8220; desktop_text_alignment=&#8220;default&#8220; tablet_text_alignment=&#8220;default&#8220; phone_text_alignment=&#8220;default&#8220; background_color_opacity=&#8220;1&#8243; background_hover_color_opacity=&#8220;1&#8243; column_backdrop_filter=&#8220;none&#8220; column_shadow=&#8220;none&#8220; column_border_radius=&#8220;none&#8220; column_link_target=&#8220;_self&#8220; column_position=&#8220;default&#8220; gradient_direction=&#8220;left_to_right&#8220; overlay_strength=&#8220;0.3&#8243; width=&#8220;1\/1&#8243; tablet_width_inherit=&#8220;default&#8220; animation_type=&#8220;default&#8220; bg_image_animation=&#8220;none&#8220; border_type=&#8220;simple&#8220; column_border_width=&#8220;none&#8220; column_border_style=&#8220;solid&#8220;][vc_row_inner column_margin=&#8220;default&#8220; column_direction=&#8220;default&#8220; column_direction_tablet=&#8220;default&#8220; column_direction_phone=&#8220;default&#8220; text_align=&#8220;left&#8220; row_position=&#8220;default&#8220; row_position_tablet=&#8220;inherit&#8220; row_position_phone=&#8220;inherit&#8220; overflow=&#8220;visible&#8220; pointer_events=&#8220;all&#8220;][vc_column_inner column_padding=&#8220;no-extra-padding&#8220; column_padding_tablet=&#8220;inherit&#8220; column_padding_phone=&#8220;inherit&#8220; column_padding_position=&#8220;all&#8220; flex_gap_desktop=&#8220;10px&#8220; column_element_direction_desktop=&#8220;default&#8220; column_element_spacing=&#8220;default&#8220; desktop_text_alignment=&#8220;default&#8220; tablet_text_alignment=&#8220;default&#8220; phone_text_alignment=&#8220;default&#8220; background_color_opacity=&#8220;1&#8243; background_hover_color_opacity=&#8220;1&#8243; column_backdrop_filter=&#8220;none&#8220; column_shadow=&#8220;none&#8220; column_border_radius=&#8220;none&#8220; column_link_target=&#8220;_self&#8220; overflow=&#8220;visible&#8220; gradient_direction=&#8220;left_to_right&#8220; overlay_strength=&#8220;0.3&#8243; width=&#8220;2\/5&#8243; tablet_width_inherit=&#8220;default&#8220; animation_type=&#8220;default&#8220; bg_image_animation=&#8220;none&#8220; border_type=&#8220;simple&#8220; column_border_width=&#8220;none&#8220; column_border_style=&#8220;solid&#8220;][vc_column_text]Die Oralchirurgie, die Parodontologie und die Implantologie sind drei chirurgische Teilbereiche, die sich auf Erkrankungen von Mund, Zahnhalteapparat (Zahnfleisch, Alveolarknochen, Wurzelzement und Haltefasern) und Z\u00e4hnen konzentrieren.[\/vc_column_text][\/vc_column_inner][vc_column_inner column_padding=&#8220;no-extra-padding&#8220; column_padding_tablet=&#8220;inherit&#8220; column_padding_phone=&#8220;inherit&#8220; column_padding_position=&#8220;all&#8220; flex_gap_desktop=&#8220;10px&#8220; column_element_direction_desktop=&#8220;default&#8220; column_element_spacing=&#8220;default&#8220; desktop_text_alignment=&#8220;default&#8220; tablet_text_alignment=&#8220;default&#8220; phone_text_alignment=&#8220;default&#8220; background_color_opacity=&#8220;1&#8243; background_hover_color_opacity=&#8220;1&#8243; column_backdrop_filter=&#8220;none&#8220; column_shadow=&#8220;none&#8220; column_border_radius=&#8220;none&#8220; column_link_target=&#8220;_self&#8220; overflow=&#8220;visible&#8220; gradient_direction=&#8220;left_to_right&#8220; overlay_strength=&#8220;0.3&#8243; width=&#8220;2\/5&#8243; tablet_width_inherit=&#8220;default&#8220; animation_type=&#8220;default&#8220; bg_image_animation=&#8220;none&#8220; border_type=&#8220;simple&#8220; column_border_width=&#8220;none&#8220; column_border_style=&#8220;solid&#8220;][vc_column_text]Bei letzteren geht es vor allem um das Einsetzen von St\u00fctzimplantaten, festen oder mobilen Prothesen. Die Ambulanz f\u00fcr Oralchirurgie in der Privatklinik St. Anna nimmt sich solcher Beschwerden und Erkrankungen an.[\/vc_column_text][\/vc_column_inner][vc_column_inner column_padding=&#8220;no-extra-padding&#8220; column_padding_tablet=&#8220;inherit&#8220; column_padding_phone=&#8220;inherit&#8220; column_padding_position=&#8220;all&#8220; flex_gap_desktop=&#8220;10px&#8220; column_element_direction_desktop=&#8220;default&#8220; column_element_spacing=&#8220;default&#8220; desktop_text_alignment=&#8220;default&#8220; tablet_text_alignment=&#8220;default&#8220; phone_text_alignment=&#8220;default&#8220; background_color_opacity=&#8220;1&#8243; background_hover_color_opacity=&#8220;1&#8243; column_backdrop_filter=&#8220;none&#8220; column_shadow=&#8220;none&#8220; column_border_radius=&#8220;none&#8220; column_link_target=&#8220;_self&#8220; overflow=&#8220;visible&#8220; gradient_direction=&#8220;left_to_right&#8220; overlay_strength=&#8220;0.3&#8243; width=&#8220;1\/5&#8243; tablet_width_inherit=&#8220;default&#8220; animation_type=&#8220;default&#8220; bg_image_animation=&#8220;none&#8220; border_type=&#8220;simple&#8220; column_border_width=&#8220;none&#8220; column_border_style=&#8220;solid&#8220;][\/vc_column_inner][\/vc_row_inner][\/vc_column][\/vc_row][vc_row type=&#8220;in_container&#8220; full_screen_row_position=&#8220;middle&#8220; column_margin=&#8220;default&#8220; column_direction=&#8220;default&#8220; column_direction_tablet=&#8220;default&#8220; column_direction_phone=&#8220;default&#8220; scene_position=&#8220;center&#8220; text_color=&#8220;dark&#8220; text_align=&#8220;left&#8220; row_border_radius=&#8220;none&#8220; row_border_radius_applies=&#8220;bg&#8220; row_position_desktop=&#8220;default&#8220; row_position_tablet=&#8220;inherit&#8220; row_position_phone=&#8220;inherit&#8220; overflow=&#8220;visible&#8220; overlay_strength=&#8220;0.3&#8243; gradient_direction=&#8220;left_to_right&#8220; shape_divider_position=&#8220;bottom&#8220; bg_image_animation=&#8220;none&#8220;][vc_column column_padding=&#8220;padding-5-percent&#8220; column_padding_tablet=&#8220;inherit&#8220; column_padding_phone=&#8220;inherit&#8220; column_padding_position=&#8220;all&#8220; flex_gap_desktop=&#8220;10px&#8220; column_element_direction_desktop=&#8220;default&#8220; column_element_spacing=&#8220;default&#8220; desktop_text_alignment=&#8220;default&#8220; tablet_text_alignment=&#8220;default&#8220; phone_text_alignment=&#8220;default&#8220; background_color_opacity=&#8220;1&#8243; background_hover_color_opacity=&#8220;1&#8243; column_backdrop_filter=&#8220;none&#8220; column_shadow=&#8220;none&#8220; column_border_radius=&#8220;none&#8220; column_link_target=&#8220;_self&#8220; column_position=&#8220;default&#8220; gradient_direction=&#8220;left_to_right&#8220; overlay_strength=&#8220;0.3&#8243; width=&#8220;1\/1&#8243; tablet_width_inherit=&#8220;default&#8220; animation_type=&#8220;default&#8220; bg_image_animation=&#8220;none&#8220; border_type=&#8220;simple&#8220; column_border_width=&#8220;1px&#8220; column_border_color=&#8220;#b3c558&#8243; column_border_style=&#8220;solid&#8220; enable_border_animation=&#8220;true&#8220;][split_line_heading animation_type=&#8220;default&#8220;]\n<h2>Angebotene Leistungen<\/h2>\n[\/split_line_heading]<div class=\"nectar-fancy-ul\" data-list-icon=\"icon-salient-thin-line\" data-animation=\"false\" data-animation-delay=\"0\" data-color=\"accent-color\" data-spacing=\"default\" data-alignment=\"left\"> \n<ul>\n<li>Fach\u00e4rztliche Untersuchungen und Mundhygiene<\/li>\n<li>Zahnr\u00f6ntgen<\/li>\n<li><a href=\"https:\/\/villa-santanna.eu\/de\/radiologie-abteilung-ruestet-auf-neues-high-tech-geraet-im-einsatz\/\">Cone Beam\/volumetrischer (3D) CT-Scan f\u00fcr Orthopantomographie und Zahnb\u00f6gen<\/a><\/li>\n<li>Chirurgische und nicht-chirurgische Behandlung der Parodontitis<\/li>\n<li>Implantologie und fortgeschrittene Implantologie<\/li>\n<li>Sinuslift<\/li>\n<li>Knochenregeneration und -transplantation<\/li>\n<li>Parodontale \u00e4sthetische Chirurgie der vorderen Kiefersektoren<\/li>\n<li>feste und mobile Prothesen<\/li>\n<li>Implantatprothesen<\/li>\n<li>Ambulante Eingriffe unter Lokalan\u00e4sthesie oder unter Narkose<\/li>\n<\/ul>\n <\/div>[\/vc_column][\/vc_row][vc_row type=&#8220;full_width_content&#8220; full_screen_row_position=&#8220;middle&#8220; column_margin=&#8220;default&#8220; column_direction=&#8220;default&#8220; column_direction_tablet=&#8220;default&#8220; column_direction_phone=&#8220;default&#8220; bg_color=&#8220;#ffffff&#8220; scene_position=&#8220;center&#8220; top_padding=&#8220;7%&#8220; bottom_padding=&#8220;6%&#8220; text_color=&#8220;dark&#8220; text_align=&#8220;left&#8220; row_border_radius=&#8220;none&#8220; row_border_radius_applies=&#8220;bg&#8220; row_position_desktop=&#8220;default&#8220; row_position_tablet=&#8220;inherit&#8220; row_position_phone=&#8220;inherit&#8220; overflow=&#8220;visible&#8220; class=&#8220;recensioni&#8220; overlay_strength=&#8220;0.3&#8243; gradient_direction=&#8220;left_to_right&#8220; shape_divider_position=&#8220;bottom&#8220; bg_image_animation=&#8220;none&#8220; gradient_type=&#8220;default&#8220; shape_type=&#8220;&#8220;][vc_column column_padding=&#8220;no-extra-padding&#8220; column_padding_tablet=&#8220;inherit&#8220; column_padding_phone=&#8220;inherit&#8220; column_padding_position=&#8220;all&#8220; flex_gap_desktop=&#8220;10px&#8220; column_element_direction_desktop=&#8220;default&#8220; column_element_spacing=&#8220;default&#8220; desktop_text_alignment=&#8220;default&#8220; tablet_text_alignment=&#8220;default&#8220; phone_text_alignment=&#8220;default&#8220; background_color_opacity=&#8220;1&#8243; background_hover_color_opacity=&#8220;1&#8243; column_backdrop_filter=&#8220;none&#8220; column_shadow=&#8220;none&#8220; column_border_radius=&#8220;none&#8220; column_link_target=&#8220;_self&#8220; column_position=&#8220;default&#8220; gradient_direction=&#8220;left_to_right&#8220; overlay_strength=&#8220;0.3&#8243; width=&#8220;1\/1&#8243; tablet_width_inherit=&#8220;default&#8220; animation_type=&#8220;default&#8220; bg_image_animation=&#8220;none&#8220; border_type=&#8220;simple&#8220; column_border_width=&#8220;none&#8220; column_border_style=&#8220;solid&#8220;][testimonial_slider style=&#8220;multiple_visible&#8220; color=&#8220;accent-color-dark&#8220; autorotate=&#8220;7000&#8243; slider_controls=&#8220;default&#8220; flickity_border_radius=&#8220;default&#8220;][testimonial star_rating=&#8220;100%&#8220; title=&#8220;Testimonial&#8220; id=&#8220;1769525038229-3&#8243; name=&#8220;A. | Januar 2022&#8243; subtitle=&#8220;Qsalute&#8220; quote=&#8220;Ich ging in die Einrichtung, um mir vier Zahnwurzeln entfernen zu lassen. Ich dachte, ich w\u00fcrde vor Schmerzen sterben, aber mit dem gro\u00dfen Fachwissen von Prof. Urbani war es ein Kinderspiel. Ich war wieder dort zur Kariesentfernung und Zahnreinigung, Dr. Urbani hat eine Hand wie eine Feder! Ein wirklich tolles Team. Was mich betrifft, so wird diese Klinik immer meine Referenz f\u00fcr zahn\u00e4rztliche Behandlungen bleiben.&#8220; tab_id=&#8220;1769525038229-3&#8243;][testimonial star_rating=&#8220;100%&#8220; title=&#8220;Testimonial&#8220; id=&#8220;1769525038240-10&#8243; name=&#8220;L.A. | Juni 2022&#8243; subtitle=&#8220;Google&#8220; quote=&#8220;Das Personal in der St. Anna-Zahnarztpraxis hat gro\u00dfe Kompetenz, Professionalit\u00e4t, Freundlichkeit und Zuvorkommenheit gezeigt (was bei Zahnschmerzen nicht schadet). Ich w\u00fcrde diese Zahnarztpraxis daher jedem f\u00fcr die Behandlungen empfehlen, die wir so sehr f\u00fcrchten.&#8220; tab_id=&#8220;1769525038241-7&#8243;][testimonial star_rating=&#8220;100%&#8220; title=&#8220;Testimonial&#8220; id=&#8220;1769525038248-7&#8243; name=&#8220;F.V. | Oktober 2022&#8243; subtitle=&#8220;Google&#8220; quote=&#8220;Ich war in der Zahnarztpraxis St. Anna wegen einer Weisheitszahnentfernung, die nicht einfach war. Wenn man bedenkt, dass ich zu denjenigen geh\u00f6re, die sich schon bei dem Gedanken daran f\u00fcrchten, habe ich sowohl vor als auch nach der Operation viel Professionalit\u00e4t erlebt! Und ich w\u00fcrde auch Freundlichkeit und Sympathie hinzuf\u00fcgen, was in solchen F\u00e4llen nie schadet! Ich danke Ihnen allen!&#8220; tab_id=&#8220;1769525038249-0&#8243;][testimonial star_rating=&#8220;100%&#8220; title=&#8220;Testimonial&#8220; id=&#8220;1769525038257-1&#8243; name=&#8220;C. V. | April 2024&#8243; subtitle=&#8220;Qsalute&#8220; quote=&#8220;Dienstleistung: Zahnimplantat. Top-Implantologie. TOP-Zahnarzt! Sehr freundlich und alle super professionell.&#8220; tab_id=&#8220;1769525038257-4&#8243;][testimonial star_rating=&#8220;100%&#8220; title=&#8220;Testimonial&#8220; id=&#8220;1769525038265-3&#8243; name=&#8220;D.M. | Juni 2024&#8243; subtitle=&#8220;Qsalute&#8220; quote=&#8220;Leistungen: Implantate und Zahnbehandlung. Ergebnis der Behandlung: vollst\u00e4ndige Heilung. Gro\u00dfe Professionalit\u00e4t und Freundlichkeit von Dr. Veronica Urbani und ihrem Team.&#8220; tab_id=&#8220;1769525038265-7&#8243;][testimonial star_rating=&#8220;100%&#8220; title=&#8220;Testimonial&#8220; id=&#8220;1769525038273-4&#8243; name=&#8220;A.O. | Juni 2024&#8243; subtitle=&#8220;Google&#8220; quote=&#8220;Ich ging zu einer zahn\u00e4rztlichen Untersuchung und sie gewannen unaufgefordert mein Vertrauen. Ich habe daraufhin beschlossen, mich in der Klinik behandeln zu lassen und nicht mehr ins Ausland zu gehen (wie ich es bereits vereinbart hatte). Dr. Urbani ist sehr kompetent und professionell, ebenso ihre Assistentin. Der Preis war ausgezeichnet f\u00fcr Qualit\u00e4t und Komfort. \u00c4u\u00dferst empfehlenswert&#8220; tab_id=&#8220;1769525038273-6&#8243;][testimonial star_rating=&#8220;100%&#8220; title=&#8220;Testimonial&#8220; id=&#8220;1769525038278-1&#8243; name=&#8220;C.T. | November 2024&#8243; subtitle=&#8220;Google&#8220; quote=&#8220;Ich besuche die Klinik St. Anna vor allem wegen der zahn\u00e4rztlichen Behandlung, die von Dr. Urbani und ihrem Team mit gro\u00dfer Professionalit\u00e4t und Freundlichkeit durchgef\u00fchrt wird. Immer zufrieden, sehr empfehlenswert.&#8220; tab_id=&#8220;1769525038278-1&#8243;][testimonial star_rating=&#8220;100%&#8220; title=&#8220;Testimonial&#8220; id=&#8220;1769525041885-1&#8243; tab_id=&#8220;1769525041885-8&#8243; name=&#8220;S.L. | Juni 2025&#8243; subtitle=&#8220;Google&#8220; quote=&#8220;Abteilung f\u00fcr Zahnmedizin: AUSGEZEICHNET. Nach vielen weniger guten Erfahrungen endlich eine kompetente \u00c4rztin, die einem von Anfang an ein gutes Gef\u00fchl gibt. Frau Dr. Urbani und ihre Assistentin sind wirklich sehr kompetent. Ich empfehle es allen, die \u2013 wie ich \u2013 nach langer Zeit eine gut gemachte und dauerhaft haltbare Arbeit m\u00f6chten. Gro\u00dfartig!&#8220;][testimonial star_rating=&#8220;100%&#8220; title=&#8220;Testimonial&#8220; id=&#8220;1769525071115-2&#8243; tab_id=&#8220;1769525071115-7&#8243; name=&#8220;A.I. | Januar 2025&#8243; subtitle=&#8220;Google&#8220; quote=&#8220;\u201eEin herzliches Dankesch\u00f6n an das gesamte Team dieser Zahnarztpraxis! Es ist selten, einen Ort zu finden, an dem Professionalit\u00e4t und Menschlichkeit so harmonisch zusammentreffen. Schon beim Empfang sp\u00fcrt man eine ruhige, vertrauensvolle Atmosph\u00e4re. Besonders hervorzuheben sind S. und K., stets freundlich und aufmerksam. Dr. Veronica ist au\u00dfergew\u00f6hnlich: \u00e4u\u00dferst kompetent, einf\u00fchlsam und sehr klar in ihren Erkl\u00e4rungen \u2013 sie vermittelt auch bei komplexeren Behandlungen Ruhe und Vertrauen. Ich bin sehr froh, diese Praxis gefunden zu haben, und kann sie allen empfehlen, die nicht nur Wert auf gesunde Z\u00e4hne, sondern auf das gesamte Wohlbefinden der Patienten legen. Vielen Dank an das ganze Team!&#8220;][testimonial star_rating=&#8220;100%&#8220; title=&#8220;Testimonial&#8220; id=&#8220;1769525094789-4&#8243; tab_id=&#8220;1769525094789-8&#8243; name=&#8220;G. | November 2024&#8243; subtitle=&#8220;Qsalute&#8220; quote=&#8220;Zahnhygiene. Vor etwa einem Monat habe ich eine professionelle Zahnreinigung durchf\u00fchren lassen und war sehr zufrieden. Die \u00c4rztin war sehr kompetent und die Sekret\u00e4rin \u00e4u\u00dferst freundlich.&#8220;][\/testimonial_slider][\/vc_column][\/vc_row]\n","protected":false},"featured_media":0,"template":"","class_list":["post-1362","sp_ambulatoriali","type-sp_ambulatoriali","status-publish"],"acf":{"sottotitolo":"Erkrankungen von Mund, Z\u00e4hnen und Zahnhalteapparat k\u00f6nnen in der Ambulanz f\u00fcr Oralchirurgie der Privatklinik St. Anna behandelt werden.","medici":[{"medico":519},{"medico":520},{"medico":5526}],"regime":["privato"],"intervento_chirurgico":"si","titolo_cta":"Haben Sie Beschwerden im Mund, mit den Z\u00e4hnen oder dem Zahnfleisch?","bottone_cta":"Merken Sie Ihren Termin vor!","titolo_archivio":"Zahnheilkunde und Implantologie","icona":"https:\/\/villa-santanna.eu\/wp-content\/uploads\/2019\/08\/06-chirurgia-orale.svg","immagine_header":"https:\/\/villa-santanna.eu\/wp-content\/uploads\/2019\/06\/Ambulatorio-chirurgia-orale.jpg"},"_links":{"self":[{"href":"https:\/\/villa-santanna.eu\/de\/wp-json\/wp\/v2\/sp_ambulatoriali\/1362","targetHints":{"allow":["GET"]}}],"collection":[{"href":"https:\/\/villa-santanna.eu\/de\/wp-json\/wp\/v2\/sp_ambulatoriali"}],"about":[{"href":"https:\/\/villa-santanna.eu\/de\/wp-json\/wp\/v2\/types\/sp_ambulatoriali"}],"version-history":[{"count":5,"href":"https:\/\/villa-santanna.eu\/de\/wp-json\/wp\/v2\/sp_ambulatoriali\/1362\/revisions"}],"predecessor-version":[{"id":7188,"href":"https:\/\/villa-santanna.eu\/de\/wp-json\/wp\/v2\/sp_ambulatoriali\/1362\/revisions\/7188"}],"wp:attachment":[{"href":"https:\/\/villa-santanna.eu\/de\/wp-json\/wp\/v2\/media?parent=1362"}],"curies":[{"name":"wp","href":"https:\/\/api.w.org\/{rel}","templated":true}]}}